{"id":155,"date":"2019-07-31T18:52:15","date_gmt":"2019-07-31T18:52:15","guid":{"rendered":"http:\/\/marburger-chor.de\/?page_id=155"},"modified":"2022-05-10T10:02:52","modified_gmt":"2022-05-10T10:02:52","slug":"aktivitaeten","status":"publish","type":"page","link":"https:\/\/marburger-chor.de\/?page_id=155","title":{"rendered":"Aktivit\u00e4ten"},"content":{"rendered":"\n<p><strong>Endlich wieder ein \u00f6ffentlicher Auftritt: Marburger Fr\u00fchling 2022<\/strong><\/p>\n\n\n\n<figure class=\"wp-block-gallery has-nested-images columns-default is-cropped wp-block-gallery-1 is-layout-flex wp-block-gallery-is-layout-flex\">\n<figure class=\"wp-block-image size-large\"><img loading=\"lazy\" decoding=\"async\" width=\"1080\" height=\"1080\" data-id=\"528\" src=\"http:\/\/marburger-chor.de\/wp-content\/uploads\/2022\/05\/unnamed-1.png\" alt=\"\" class=\"wp-image-528\" srcset=\"https:\/\/marburger-chor.de\/wp-content\/uploads\/2022\/05\/unnamed-1.png 1080w, https:\/\/marburger-chor.de\/wp-content\/uploads\/2022\/05\/unnamed-1-300x300.png 300w, https:\/\/marburger-chor.de\/wp-content\/uploads\/2022\/05\/unnamed-1-1024x1024.png 1024w, https:\/\/marburger-chor.de\/wp-content\/uploads\/2022\/05\/unnamed-1-150x150.png 150w, https:\/\/marburger-chor.de\/wp-content\/uploads\/2022\/05\/unnamed-1-768x768.png 768w\" sizes=\"auto, (max-width: 1080px) 100vw, 1080px\" \/><\/figure>\n\n\n\n<figure class=\"wp-block-image size-large\"><img loading=\"lazy\" decoding=\"async\" width=\"2185\" height=\"1259\" data-id=\"529\" src=\"http:\/\/marburger-chor.de\/wp-content\/uploads\/2022\/05\/IMG-3036a.jpg\" alt=\"\" class=\"wp-image-529\" srcset=\"https:\/\/marburger-chor.de\/wp-content\/uploads\/2022\/05\/IMG-3036a.jpg 2185w, https:\/\/marburger-chor.de\/wp-content\/uploads\/2022\/05\/IMG-3036a-300x173.jpg 300w, https:\/\/marburger-chor.de\/wp-content\/uploads\/2022\/05\/IMG-3036a-1024x590.jpg 1024w, https:\/\/marburger-chor.de\/wp-content\/uploads\/2022\/05\/IMG-3036a-768x443.jpg 768w, https:\/\/marburger-chor.de\/wp-content\/uploads\/2022\/05\/IMG-3036a-1536x885.jpg 1536w, https:\/\/marburger-chor.de\/wp-content\/uploads\/2022\/05\/IMG-3036a-2048x1180.jpg 2048w, https:\/\/marburger-chor.de\/wp-content\/uploads\/2022\/05\/IMG-3036a-500x288.jpg 500w\" sizes=\"auto, (max-width: 2185px) 100vw, 2185px\" \/><\/figure>\n\n\n\n<figure class=\"wp-block-image size-large\"><img loading=\"lazy\" decoding=\"async\" width=\"1024\" height=\"671\" data-id=\"540\" src=\"http:\/\/marburger-chor.de\/wp-content\/uploads\/2022\/05\/IMG-3038a-1024x671.jpg\" alt=\"\" class=\"wp-image-540\" srcset=\"https:\/\/marburger-chor.de\/wp-content\/uploads\/2022\/05\/IMG-3038a-1024x671.jpg 1024w, https:\/\/marburger-chor.de\/wp-content\/uploads\/2022\/05\/IMG-3038a-300x197.jpg 300w, https:\/\/marburger-chor.de\/wp-content\/uploads\/2022\/05\/IMG-3038a-768x503.jpg 768w, https:\/\/marburger-chor.de\/wp-content\/uploads\/2022\/05\/IMG-3038a-1536x1007.jpg 1536w, https:\/\/marburger-chor.de\/wp-content\/uploads\/2022\/05\/IMG-3038a-2048x1343.jpg 2048w, https:\/\/marburger-chor.de\/wp-content\/uploads\/2022\/05\/IMG-3038a-458x300.jpg 458w\" sizes=\"auto, (max-width: 1024px) 100vw, 1024px\" \/><\/figure>\n\n\n\n<figure class=\"wp-block-image size-large\"><img loading=\"lazy\" decoding=\"async\" width=\"2560\" height=\"1248\" data-id=\"532\" src=\"http:\/\/marburger-chor.de\/wp-content\/uploads\/2022\/05\/IMG-3054a-scaled.jpg\" alt=\"\" class=\"wp-image-532\" srcset=\"https:\/\/marburger-chor.de\/wp-content\/uploads\/2022\/05\/IMG-3054a-scaled.jpg 2560w, https:\/\/marburger-chor.de\/wp-content\/uploads\/2022\/05\/IMG-3054a-300x146.jpg 300w, https:\/\/marburger-chor.de\/wp-content\/uploads\/2022\/05\/IMG-3054a-1024x499.jpg 1024w, https:\/\/marburger-chor.de\/wp-content\/uploads\/2022\/05\/IMG-3054a-768x374.jpg 768w, https:\/\/marburger-chor.de\/wp-content\/uploads\/2022\/05\/IMG-3054a-1536x749.jpg 1536w, https:\/\/marburger-chor.de\/wp-content\/uploads\/2022\/05\/IMG-3054a-2048x998.jpg 2048w, https:\/\/marburger-chor.de\/wp-content\/uploads\/2022\/05\/IMG-3054a-500x244.jpg 500w\" sizes=\"auto, (max-width: 2560px) 100vw, 2560px\" \/><\/figure>\n<\/figure>\n\n\n\n<h2 class=\"wp-block-heading\">Singen unter Corona-Bedingungen ist m\u00f6glich<\/h2>\n\n\n\n<figure class=\"wp-block-gallery has-nested-images columns-default is-cropped wp-block-gallery-2 is-layout-flex wp-block-gallery-is-layout-flex\">\n<figure class=\"wp-block-image size-large\"><img loading=\"lazy\" decoding=\"async\" width=\"1024\" height=\"768\" data-id=\"382\" src=\"http:\/\/marburger-chor.de\/wp-content\/uploads\/2020\/07\/IMG-9628-1024x768.jpg\" alt=\"\" class=\"wp-image-382\" srcset=\"https:\/\/marburger-chor.de\/wp-content\/uploads\/2020\/07\/IMG-9628-1024x768.jpg 1024w, https:\/\/marburger-chor.de\/wp-content\/uploads\/2020\/07\/IMG-9628-300x225.jpg 300w, https:\/\/marburger-chor.de\/wp-content\/uploads\/2020\/07\/IMG-9628-768x576.jpg 768w, https:\/\/marburger-chor.de\/wp-content\/uploads\/2020\/07\/IMG-9628-1536x1152.jpg 1536w, https:\/\/marburger-chor.de\/wp-content\/uploads\/2020\/07\/IMG-9628-2048x1536.jpg 2048w, https:\/\/marburger-chor.de\/wp-content\/uploads\/2020\/07\/IMG-9628-400x300.jpg 400w\" sizes=\"auto, (max-width: 1024px) 100vw, 1024px\" \/><\/figure>\n\n\n\n<figure class=\"wp-block-image size-large\"><img loading=\"lazy\" decoding=\"async\" width=\"1024\" height=\"768\" data-id=\"387\" src=\"http:\/\/marburger-chor.de\/wp-content\/uploads\/2020\/07\/IMG-9652-1024x768.jpg\" alt=\"\" class=\"wp-image-387\" srcset=\"https:\/\/marburger-chor.de\/wp-content\/uploads\/2020\/07\/IMG-9652-1024x768.jpg 1024w, https:\/\/marburger-chor.de\/wp-content\/uploads\/2020\/07\/IMG-9652-300x225.jpg 300w, https:\/\/marburger-chor.de\/wp-content\/uploads\/2020\/07\/IMG-9652-768x576.jpg 768w, https:\/\/marburger-chor.de\/wp-content\/uploads\/2020\/07\/IMG-9652-1536x1152.jpg 1536w, https:\/\/marburger-chor.de\/wp-content\/uploads\/2020\/07\/IMG-9652-2048x1536.jpg 2048w, https:\/\/marburger-chor.de\/wp-content\/uploads\/2020\/07\/IMG-9652-400x300.jpg 400w\" sizes=\"auto, (max-width: 1024px) 100vw, 1024px\" \/><\/figure>\n\n\n\n<figure class=\"wp-block-image size-large\"><img loading=\"lazy\" decoding=\"async\" width=\"1024\" height=\"768\" data-id=\"403\" src=\"http:\/\/marburger-chor.de\/wp-content\/uploads\/2021\/01\/zoom-probe-1024x768.png\" alt=\"\" class=\"wp-image-403\" srcset=\"https:\/\/marburger-chor.de\/wp-content\/uploads\/2021\/01\/zoom-probe-1024x768.png 1024w, https:\/\/marburger-chor.de\/wp-content\/uploads\/2021\/01\/zoom-probe-300x225.png 300w, https:\/\/marburger-chor.de\/wp-content\/uploads\/2021\/01\/zoom-probe-768x576.png 768w, https:\/\/marburger-chor.de\/wp-content\/uploads\/2021\/01\/zoom-probe-400x300.png 400w, https:\/\/marburger-chor.de\/wp-content\/uploads\/2021\/01\/zoom-probe.png 1280w\" sizes=\"auto, (max-width: 1024px) 100vw, 1024px\" \/><\/figure>\n<\/figure>\n\n\n\n<h2 class=\"wp-block-heading\">Unser Stand auf dem Weihnachtsmarkt an der Elisabethkirche<\/h2>\n\n\n\n<div class=\"wp-block-image\"><figure class=\"alignleft is-resized\"><img loading=\"lazy\" decoding=\"async\" src=\"https:\/\/marburger-chor.de\/wp-content\/uploads\/2020\/02\/unnamed-2.png\" alt=\"\" class=\"wp-image-351\" width=\"267\" height=\"341\"\/><figcaption>An unserem wundervoll gestalteten Stand verkauften wir Weihnachtsbasteleien, Pl\u00e4tzchen, Marmelade und&#8230;&#8230;.<\/figcaption><\/figure><\/div>\n\n\n\n<div class=\"wp-block-image\"><figure class=\"alignleft is-resized\"><img loading=\"lazy\" decoding=\"async\" src=\"https:\/\/marburger-chor.de\/wp-content\/uploads\/2020\/02\/unnamed-3.png\" alt=\"\" class=\"wp-image-354\" width=\"243\" height=\"422\"\/><figcaption>Vor der Kirche sang der Marburger Chor f\u00fcr und mit den Besuchern des Weihnachtsmarktes.<\/figcaption><\/figure><\/div>\n\n\n\n<h2 class=\"wp-block-heading\"><\/h2>\n\n\n\n<figure class=\"wp-block-image size-large\"><img loading=\"lazy\" decoding=\"async\" width=\"1024\" height=\"523\" src=\"http:\/\/marburger-chor.de\/wp-content\/uploads\/2020\/07\/WhatsApp-Image-2020-04-17-at-09.24.36-1024x523.jpeg\" alt=\"\" class=\"wp-image-391\" srcset=\"https:\/\/marburger-chor.de\/wp-content\/uploads\/2020\/07\/WhatsApp-Image-2020-04-17-at-09.24.36-1024x523.jpeg 1024w, https:\/\/marburger-chor.de\/wp-content\/uploads\/2020\/07\/WhatsApp-Image-2020-04-17-at-09.24.36-300x153.jpeg 300w, https:\/\/marburger-chor.de\/wp-content\/uploads\/2020\/07\/WhatsApp-Image-2020-04-17-at-09.24.36-768x392.jpeg 768w, https:\/\/marburger-chor.de\/wp-content\/uploads\/2020\/07\/WhatsApp-Image-2020-04-17-at-09.24.36-1536x784.jpeg 1536w, https:\/\/marburger-chor.de\/wp-content\/uploads\/2020\/07\/WhatsApp-Image-2020-04-17-at-09.24.36-500x255.jpeg 500w, https:\/\/marburger-chor.de\/wp-content\/uploads\/2020\/07\/WhatsApp-Image-2020-04-17-at-09.24.36.jpeg 1569w\" sizes=\"auto, (max-width: 1024px) 100vw, 1024px\" \/><\/figure>\n\n\n\n<p> <strong>Konzert in der Kirche am Kirchberg in Ruttershausen am 22.11.2019 <\/strong><\/p>\n\n\n\n<figure class=\"wp-block-image size-large\"><img loading=\"lazy\" decoding=\"async\" width=\"1024\" height=\"761\" src=\"http:\/\/marburger-chor.de\/wp-content\/uploads\/2019\/12\/Bild-009-1024x761.jpg\" alt=\"\" class=\"wp-image-336\" srcset=\"https:\/\/marburger-chor.de\/wp-content\/uploads\/2019\/12\/Bild-009-1024x761.jpg 1024w, https:\/\/marburger-chor.de\/wp-content\/uploads\/2019\/12\/Bild-009-300x223.jpg 300w, https:\/\/marburger-chor.de\/wp-content\/uploads\/2019\/12\/Bild-009-768x571.jpg 768w, https:\/\/marburger-chor.de\/wp-content\/uploads\/2019\/12\/Bild-009-403x300.jpg 403w, https:\/\/marburger-chor.de\/wp-content\/uploads\/2019\/12\/Bild-009.jpg 1525w\" sizes=\"auto, (max-width: 1024px) 100vw, 1024px\" \/><figcaption>Ein wundersch\u00f6nes Konzert in eindrucksvoller Kulisse &#8211; gemeinsam mit dem Gesangverein Ruttershausen.<\/figcaption><\/figure>\n\n\n\n<figure class=\"wp-block-image size-large\"><img loading=\"lazy\" decoding=\"async\" width=\"1024\" height=\"768\" src=\"http:\/\/marburger-chor.de\/wp-content\/uploads\/2019\/12\/collage-ruttershausen-1024x768.jpg\" alt=\"\" class=\"wp-image-341\" srcset=\"https:\/\/marburger-chor.de\/wp-content\/uploads\/2019\/12\/collage-ruttershausen-1024x768.jpg 1024w, https:\/\/marburger-chor.de\/wp-content\/uploads\/2019\/12\/collage-ruttershausen-300x225.jpg 300w, https:\/\/marburger-chor.de\/wp-content\/uploads\/2019\/12\/collage-ruttershausen-768x576.jpg 768w, https:\/\/marburger-chor.de\/wp-content\/uploads\/2019\/12\/collage-ruttershausen-400x300.jpg 400w, https:\/\/marburger-chor.de\/wp-content\/uploads\/2019\/12\/collage-ruttershausen.jpg 1200w\" sizes=\"auto, (max-width: 1024px) 100vw, 1024px\" \/><figcaption>Beeindruckend war die gesangliche Darbietung unseres Chorleiters, Anselm Richter und das gef\u00fchlvolle Geigenspiel seiner Schwester, Stefanie H\u00f6lzle.<\/figcaption><\/figure>\n\n\n\n<figure class=\"wp-block-image size-large\"><img loading=\"lazy\" decoding=\"async\" width=\"1024\" height=\"889\" src=\"http:\/\/marburger-chor.de\/wp-content\/uploads\/2019\/12\/Giessener-Allgemeine-1024x889.jpg\" alt=\"\" class=\"wp-image-337\" srcset=\"https:\/\/marburger-chor.de\/wp-content\/uploads\/2019\/12\/Giessener-Allgemeine-1024x889.jpg 1024w, https:\/\/marburger-chor.de\/wp-content\/uploads\/2019\/12\/Giessener-Allgemeine-300x260.jpg 300w, https:\/\/marburger-chor.de\/wp-content\/uploads\/2019\/12\/Giessener-Allgemeine-768x666.jpg 768w, https:\/\/marburger-chor.de\/wp-content\/uploads\/2019\/12\/Giessener-Allgemeine-346x300.jpg 346w, https:\/\/marburger-chor.de\/wp-content\/uploads\/2019\/12\/Giessener-Allgemeine.jpg 1286w\" sizes=\"auto, (max-width: 1024px) 100vw, 1024px\" \/><figcaption>Bericht der Gie\u00dfner Allgemeinen Zeitung<\/figcaption><\/figure>\n\n\n\n<figure class=\"wp-block-gallery has-nested-images columns-default is-cropped wp-block-gallery-3 is-layout-flex wp-block-gallery-is-layout-flex\">\n<figure class=\"wp-block-image size-large\"><img loading=\"lazy\" decoding=\"async\" width=\"1024\" height=\"725\" data-id=\"339\" src=\"http:\/\/marburger-chor.de\/wp-content\/uploads\/2019\/12\/Programmheft-2-1024x725.jpg\" alt=\"\" class=\"wp-image-339\" srcset=\"https:\/\/marburger-chor.de\/wp-content\/uploads\/2019\/12\/Programmheft-2-1024x725.jpg 1024w, https:\/\/marburger-chor.de\/wp-content\/uploads\/2019\/12\/Programmheft-2-300x212.jpg 300w, https:\/\/marburger-chor.de\/wp-content\/uploads\/2019\/12\/Programmheft-2-768x543.jpg 768w, https:\/\/marburger-chor.de\/wp-content\/uploads\/2019\/12\/Programmheft-2-1536x1087.jpg 1536w, https:\/\/marburger-chor.de\/wp-content\/uploads\/2019\/12\/Programmheft-2-424x300.jpg 424w, https:\/\/marburger-chor.de\/wp-content\/uploads\/2019\/12\/Programmheft-2.jpg 1590w\" sizes=\"auto, (max-width: 1024px) 100vw, 1024px\" \/><\/figure>\n\n\n\n<figure class=\"wp-block-image size-large\"><img loading=\"lazy\" decoding=\"async\" width=\"1024\" height=\"725\" data-id=\"338\" src=\"http:\/\/marburger-chor.de\/wp-content\/uploads\/2019\/12\/Programmheft-1-1024x725.jpg\" alt=\"\" class=\"wp-image-338\" srcset=\"https:\/\/marburger-chor.de\/wp-content\/uploads\/2019\/12\/Programmheft-1-1024x725.jpg 1024w, https:\/\/marburger-chor.de\/wp-content\/uploads\/2019\/12\/Programmheft-1-300x212.jpg 300w, https:\/\/marburger-chor.de\/wp-content\/uploads\/2019\/12\/Programmheft-1-768x543.jpg 768w, https:\/\/marburger-chor.de\/wp-content\/uploads\/2019\/12\/Programmheft-1-1536x1087.jpg 1536w, https:\/\/marburger-chor.de\/wp-content\/uploads\/2019\/12\/Programmheft-1-424x300.jpg 424w, https:\/\/marburger-chor.de\/wp-content\/uploads\/2019\/12\/Programmheft-1.jpg 1590w\" sizes=\"auto, (max-width: 1024px) 100vw, 1024px\" \/><\/figure>\n<\/figure>\n\n\n\n<p><strong>Er\u00f6ffnung der Bilderausstellung unserer S\u00e4ngerin Ursula Lohe<\/strong><\/p>\n\n\n\n<figure class=\"wp-block-image\"><img loading=\"lazy\" decoding=\"async\" width=\"1024\" height=\"496\" src=\"http:\/\/marburger-chor.de\/wp-content\/uploads\/2019\/09\/IMG-7957a-1024x496.jpg\" alt=\"\" class=\"wp-image-266\" srcset=\"https:\/\/marburger-chor.de\/wp-content\/uploads\/2019\/09\/IMG-7957a-1024x496.jpg 1024w, https:\/\/marburger-chor.de\/wp-content\/uploads\/2019\/09\/IMG-7957a-300x145.jpg 300w, https:\/\/marburger-chor.de\/wp-content\/uploads\/2019\/09\/IMG-7957a-768x372.jpg 768w, https:\/\/marburger-chor.de\/wp-content\/uploads\/2019\/09\/IMG-7957a-500x242.jpg 500w\" sizes=\"auto, (max-width: 1024px) 100vw, 1024px\" \/><figcaption>Er\u00f6ffnung der Bilderausstellung  unserer Mits\u00e4ngerin Ursula Lohe.<strong>&#8230;.<\/strong><br><\/figcaption><\/figure>\n\n\n\n<figure class=\"wp-block-image\"><img loading=\"lazy\" decoding=\"async\" width=\"1024\" height=\"549\" src=\"http:\/\/marburger-chor.de\/wp-content\/uploads\/2019\/09\/IMG-7948a-1024x549.jpg\" alt=\"\" class=\"wp-image-268\" srcset=\"https:\/\/marburger-chor.de\/wp-content\/uploads\/2019\/09\/IMG-7948a-1024x549.jpg 1024w, https:\/\/marburger-chor.de\/wp-content\/uploads\/2019\/09\/IMG-7948a-300x161.jpg 300w, https:\/\/marburger-chor.de\/wp-content\/uploads\/2019\/09\/IMG-7948a-768x411.jpg 768w, https:\/\/marburger-chor.de\/wp-content\/uploads\/2019\/09\/IMG-7948a-500x268.jpg 500w\" sizes=\"auto, (max-width: 1024px) 100vw, 1024px\" \/><figcaption>wir durften diese Veranstaltung musikalisch gestalten.<\/figcaption><\/figure>\n\n\n\n<p><strong>Gem\u00fctliches Beisammensein am Ende der letzten Chorprobe vor der Sommerpause.<\/strong> <\/p>\n\n\n\n<figure class=\"wp-block-image\"><img loading=\"lazy\" decoding=\"async\" width=\"1024\" height=\"681\" src=\"http:\/\/marburger-chor.de\/wp-content\/uploads\/2019\/07\/vor-der-Sommerpause-1024x681.jpg\" alt=\"\" class=\"wp-image-129\" srcset=\"https:\/\/marburger-chor.de\/wp-content\/uploads\/2019\/07\/vor-der-Sommerpause-1024x681.jpg 1024w, https:\/\/marburger-chor.de\/wp-content\/uploads\/2019\/07\/vor-der-Sommerpause-300x199.jpg 300w, https:\/\/marburger-chor.de\/wp-content\/uploads\/2019\/07\/vor-der-Sommerpause-768x511.jpg 768w, https:\/\/marburger-chor.de\/wp-content\/uploads\/2019\/07\/vor-der-Sommerpause-451x300.jpg 451w\" sizes=\"auto, (max-width: 1024px) 100vw, 1024px\" \/><\/figure>\n\n\n\n<p><strong>Musikalische Beitr\u00e4ge anschl\u00e4sslich der Kundgebeung von &#8222;Pulse of Europe&#8220; auf dem Marktplatz. (Foto Volker Beilborn) <\/strong><\/p>\n\n\n\n<figure class=\"wp-block-image\"><img loading=\"lazy\" decoding=\"async\" width=\"877\" height=\"532\" src=\"http:\/\/marburger-chor.de\/wp-content\/uploads\/2019\/07\/pulse-1.jpg\" alt=\"\" class=\"wp-image-158\" srcset=\"https:\/\/marburger-chor.de\/wp-content\/uploads\/2019\/07\/pulse-1.jpg 877w, https:\/\/marburger-chor.de\/wp-content\/uploads\/2019\/07\/pulse-1-300x182.jpg 300w, https:\/\/marburger-chor.de\/wp-content\/uploads\/2019\/07\/pulse-1-768x466.jpg 768w, https:\/\/marburger-chor.de\/wp-content\/uploads\/2019\/07\/pulse-1-495x300.jpg 495w\" sizes=\"auto, (max-width: 877px) 100vw, 877px\" \/><\/figure>\n\n\n\n<figure class=\"wp-block-image\"><img loading=\"lazy\" decoding=\"async\" width=\"902\" height=\"551\" src=\"http:\/\/marburger-chor.de\/wp-content\/uploads\/2019\/07\/pulse2.jpg\" alt=\"\" class=\"wp-image-159\" srcset=\"https:\/\/marburger-chor.de\/wp-content\/uploads\/2019\/07\/pulse2.jpg 902w, https:\/\/marburger-chor.de\/wp-content\/uploads\/2019\/07\/pulse2-300x183.jpg 300w, https:\/\/marburger-chor.de\/wp-content\/uploads\/2019\/07\/pulse2-768x469.jpg 768w, https:\/\/marburger-chor.de\/wp-content\/uploads\/2019\/07\/pulse2-491x300.jpg 491w\" sizes=\"auto, (max-width: 902px) 100vw, 902px\" \/><figcaption>Pulse of Europe 02.06.2019  (Foto Volker Beilborn) <\/figcaption><\/figure>\n\n\n\n<p><strong> Himmelfahrtswanderung 2019 in Rauischholzhausen<\/strong> <\/p>\n\n\n\n<figure class=\"wp-block-image\"><img loading=\"lazy\" decoding=\"async\" width=\"1024\" height=\"536\" src=\"http:\/\/marburger-chor.de\/wp-content\/uploads\/2019\/07\/P1000904-1024x536.jpg\" alt=\"\" class=\"wp-image-26\" srcset=\"https:\/\/marburger-chor.de\/wp-content\/uploads\/2019\/07\/P1000904-1024x536.jpg 1024w, https:\/\/marburger-chor.de\/wp-content\/uploads\/2019\/07\/P1000904-300x157.jpg 300w, https:\/\/marburger-chor.de\/wp-content\/uploads\/2019\/07\/P1000904-768x402.jpg 768w, https:\/\/marburger-chor.de\/wp-content\/uploads\/2019\/07\/P1000904-500x261.jpg 500w\" sizes=\"auto, (max-width: 1024px) 100vw, 1024px\" \/><\/figure>\n\n\n\n<p><strong> Auftritt unseres Chors beim Marburger Fr\u00fchling 201<\/strong>9 <\/p>\n\n\n\n<figure class=\"wp-block-image\"><img loading=\"lazy\" decoding=\"async\" width=\"1024\" height=\"573\" src=\"http:\/\/marburger-chor.de\/wp-content\/uploads\/2019\/07\/P1000780-1-1024x573.jpg\" alt=\"\" class=\"wp-image-157\" srcset=\"https:\/\/marburger-chor.de\/wp-content\/uploads\/2019\/07\/P1000780-1-1024x573.jpg 1024w, https:\/\/marburger-chor.de\/wp-content\/uploads\/2019\/07\/P1000780-1-300x168.jpg 300w, https:\/\/marburger-chor.de\/wp-content\/uploads\/2019\/07\/P1000780-1-768x430.jpg 768w, https:\/\/marburger-chor.de\/wp-content\/uploads\/2019\/07\/P1000780-1-500x280.jpg 500w\" sizes=\"auto, (max-width: 1024px) 100vw, 1024px\" \/><\/figure>\n\n\n\n<p><strong> Lucia Fest des Deutsch-Schwedischen Freundschaftsvereins 2018 <\/strong><\/p>\n\n\n\n<figure class=\"wp-block-image\"><img loading=\"lazy\" decoding=\"async\" width=\"1024\" height=\"768\" src=\"http:\/\/marburger-chor.de\/wp-content\/uploads\/2019\/07\/DSC07902-1024x768.png\" alt=\"\" class=\"wp-image-130\" srcset=\"https:\/\/marburger-chor.de\/wp-content\/uploads\/2019\/07\/DSC07902-1024x768.png 1024w, https:\/\/marburger-chor.de\/wp-content\/uploads\/2019\/07\/DSC07902-300x225.png 300w, https:\/\/marburger-chor.de\/wp-content\/uploads\/2019\/07\/DSC07902-768x576.png 768w, https:\/\/marburger-chor.de\/wp-content\/uploads\/2019\/07\/DSC07902-400x300.png 400w\" sizes=\"auto, (max-width: 1024px) 100vw, 1024px\" \/><\/figure>\n\n\n\n<figure class=\"wp-block-image\"><img loading=\"lazy\" decoding=\"async\" width=\"977\" height=\"1024\" src=\"http:\/\/marburger-chor.de\/wp-content\/uploads\/2019\/07\/DSCN6993-977x1024.jpg\" alt=\"\" class=\"wp-image-133\" srcset=\"https:\/\/marburger-chor.de\/wp-content\/uploads\/2019\/07\/DSCN6993-977x1024.jpg 977w, https:\/\/marburger-chor.de\/wp-content\/uploads\/2019\/07\/DSCN6993-286x300.jpg 286w, https:\/\/marburger-chor.de\/wp-content\/uploads\/2019\/07\/DSCN6993-768x805.jpg 768w, https:\/\/marburger-chor.de\/wp-content\/uploads\/2019\/07\/DSCN6993.jpg 1988w\" sizes=\"auto, (max-width: 977px) 100vw, 977px\" \/><figcaption> <\/figcaption><\/figure>\n","protected":false},"excerpt":{"rendered":"<p>Endlich wieder ein \u00f6ffentlicher Auftritt: Marburger Fr\u00fchling 2022 Singen unter Corona-Bedingungen ist m\u00f6glich Unser Stand auf dem Weihnachtsmarkt an der Elisabethkirche Konzert in der Kirche am Kirchberg in Ruttershausen am 22.11.2019 Er\u00f6ffnung der Bilderausstellung unserer S\u00e4ngerin Ursula Lohe Gem\u00fctliches Beisammensein &hellip; <a href=\"https:\/\/marburger-chor.de\/?page_id=155\">Weiterlesen <span class=\"meta-nav\">&rarr;<\/span><\/a><\/p>\n","protected":false},"author":1,"featured_media":0,"parent":0,"menu_order":0,"comment_status":"closed","ping_status":"closed","template":"","meta":{"footnotes":""},"class_list":["post-155","page","type-page","status-publish","hentry"],"_links":{"self":[{"href":"https:\/\/marburger-chor.de\/index.php?rest_route=\/wp\/v2\/pages\/155","targetHints":{"allow":["GET"]}}],"collection":[{"href":"https:\/\/marburger-chor.de\/index.php?rest_route=\/wp\/v2\/pages"}],"about":[{"href":"https:\/\/marburger-chor.de\/index.php?rest_route=\/wp\/v2\/types\/page"}],"author":[{"embeddable":true,"href":"https:\/\/marburger-chor.de\/index.php?rest_route=\/wp\/v2\/users\/1"}],"replies":[{"embeddable":true,"href":"https:\/\/marburger-chor.de\/index.php?rest_route=%2Fwp%2Fv2%2Fcomments&post=155"}],"version-history":[{"count":16,"href":"https:\/\/marburger-chor.de\/index.php?rest_route=\/wp\/v2\/pages\/155\/revisions"}],"predecessor-version":[{"id":545,"href":"https:\/\/marburger-chor.de\/index.php?rest_route=\/wp\/v2\/pages\/155\/revisions\/545"}],"wp:attachment":[{"href":"https:\/\/marburger-chor.de\/index.php?rest_route=%2Fwp%2Fv2%2Fmedia&parent=155"}],"curies":[{"name":"wp","href":"https:\/\/api.w.org\/{rel}","templated":true}]}}