{"id":273,"date":"2019-10-12T16:51:23","date_gmt":"2019-10-12T16:51:23","guid":{"rendered":"http:\/\/marburger-chor.de\/?page_id=273"},"modified":"2022-05-10T09:58:38","modified_gmt":"2022-05-10T09:58:38","slug":"jubilaeum-2019","status":"publish","type":"page","link":"https:\/\/marburger-chor.de\/?page_id=273","title":{"rendered":"Jubil\u00e4um 2019"},"content":{"rendered":"\n<figure class=\"wp-block-image size-full\"><img loading=\"lazy\" decoding=\"async\" width=\"913\" height=\"666\" src=\"http:\/\/marburger-chor.de\/wp-content\/uploads\/2019\/10\/Unbenannt.jpg\" alt=\"\" class=\"wp-image-297\" srcset=\"https:\/\/marburger-chor.de\/wp-content\/uploads\/2019\/10\/Unbenannt.jpg 913w, https:\/\/marburger-chor.de\/wp-content\/uploads\/2019\/10\/Unbenannt-300x219.jpg 300w, https:\/\/marburger-chor.de\/wp-content\/uploads\/2019\/10\/Unbenannt-768x560.jpg 768w, https:\/\/marburger-chor.de\/wp-content\/uploads\/2019\/10\/Unbenannt-411x300.jpg 411w\" sizes=\"auto, (max-width: 913px) 100vw, 913px\" \/><\/figure>\n\n\n\n<div class=\"wp-block-media-text alignwide is-stacked-on-mobile\"><figure class=\"wp-block-media-text__media\"><img loading=\"lazy\" decoding=\"async\" width=\"1024\" height=\"768\" src=\"http:\/\/marburger-chor.de\/wp-content\/uploads\/2019\/10\/P1000827-1024x768.jpg\" alt=\"\" class=\"wp-image-286 size-full\" srcset=\"https:\/\/marburger-chor.de\/wp-content\/uploads\/2019\/10\/P1000827-1024x768.jpg 1024w, https:\/\/marburger-chor.de\/wp-content\/uploads\/2019\/10\/P1000827-300x225.jpg 300w, https:\/\/marburger-chor.de\/wp-content\/uploads\/2019\/10\/P1000827-768x576.jpg 768w, https:\/\/marburger-chor.de\/wp-content\/uploads\/2019\/10\/P1000827-400x300.jpg 400w\" sizes=\"auto, (max-width: 1024px) 100vw, 1024px\" \/><\/figure><div class=\"wp-block-media-text__content\">\n<h2 class=\"wp-block-heading\">Jahre &#8222;Marburger Chor&#8220;<\/h2>\n\n\n\n<p><strong>Am 28.09.2019 feierte unser Chor sein 70-j\u00e4hriges Bestehen im B\u00fcrgerhaus Marbach.<\/strong><\/p>\n<\/div><\/div>\n\n\n\n<figure class=\"wp-block-image is-resized\"><img loading=\"lazy\" decoding=\"async\" src=\"http:\/\/marburger-chor.de\/wp-content\/uploads\/2019\/10\/70-Jahre-Marburger-Chor-1949-e.-V.-Sept.-2019-10a-1024x578.jpg\" alt=\"\" class=\"wp-image-275\" width=\"705\" height=\"397\" srcset=\"https:\/\/marburger-chor.de\/wp-content\/uploads\/2019\/10\/70-Jahre-Marburger-Chor-1949-e.-V.-Sept.-2019-10a-1024x578.jpg 1024w, https:\/\/marburger-chor.de\/wp-content\/uploads\/2019\/10\/70-Jahre-Marburger-Chor-1949-e.-V.-Sept.-2019-10a-300x169.jpg 300w, https:\/\/marburger-chor.de\/wp-content\/uploads\/2019\/10\/70-Jahre-Marburger-Chor-1949-e.-V.-Sept.-2019-10a-768x433.jpg 768w, https:\/\/marburger-chor.de\/wp-content\/uploads\/2019\/10\/70-Jahre-Marburger-Chor-1949-e.-V.-Sept.-2019-10a-500x282.jpg 500w\" sizes=\"auto, (max-width: 705px) 100vw, 705px\" \/><\/figure>\n\n\n\n<h2 class=\"wp-block-heading\">Sechs Gastch\u00f6re trugen mit ihren Liedbeitr\u00e4gen zum Gelingen der Jubil\u00e4umsfeier bei.<\/h2>\n\n\n\n<figure class=\"wp-block-gallery has-nested-images columns-default is-cropped wp-block-gallery-1 is-layout-flex wp-block-gallery-is-layout-flex\">\n<figure class=\"wp-block-image\"><img loading=\"lazy\" decoding=\"async\" width=\"1024\" height=\"768\" data-id=\"281\" src=\"http:\/\/marburger-chor.de\/wp-content\/uploads\/2019\/10\/70-Jahre-Marburger-Chor-1949-e.-V.-Sept.-2019-20-1024x768.jpg\" alt=\"\" class=\"wp-image-281\" srcset=\"https:\/\/marburger-chor.de\/wp-content\/uploads\/2019\/10\/70-Jahre-Marburger-Chor-1949-e.-V.-Sept.-2019-20-1024x768.jpg 1024w, https:\/\/marburger-chor.de\/wp-content\/uploads\/2019\/10\/70-Jahre-Marburger-Chor-1949-e.-V.-Sept.-2019-20-300x225.jpg 300w, https:\/\/marburger-chor.de\/wp-content\/uploads\/2019\/10\/70-Jahre-Marburger-Chor-1949-e.-V.-Sept.-2019-20-768x576.jpg 768w, https:\/\/marburger-chor.de\/wp-content\/uploads\/2019\/10\/70-Jahre-Marburger-Chor-1949-e.-V.-Sept.-2019-20-400x300.jpg 400w\" sizes=\"auto, (max-width: 1024px) 100vw, 1024px\" \/><\/figure>\n\n\n\n<figure class=\"wp-block-image\"><img loading=\"lazy\" decoding=\"async\" width=\"1024\" height=\"503\" data-id=\"280\" src=\"http:\/\/marburger-chor.de\/wp-content\/uploads\/2019\/10\/70-Jahre-Marburger-Chor-1949-e.-V.-Sept.-2019-19-1024x503.jpg\" alt=\"\" class=\"wp-image-280\" srcset=\"https:\/\/marburger-chor.de\/wp-content\/uploads\/2019\/10\/70-Jahre-Marburger-Chor-1949-e.-V.-Sept.-2019-19-1024x503.jpg 1024w, https:\/\/marburger-chor.de\/wp-content\/uploads\/2019\/10\/70-Jahre-Marburger-Chor-1949-e.-V.-Sept.-2019-19-300x147.jpg 300w, https:\/\/marburger-chor.de\/wp-content\/uploads\/2019\/10\/70-Jahre-Marburger-Chor-1949-e.-V.-Sept.-2019-19-768x377.jpg 768w, https:\/\/marburger-chor.de\/wp-content\/uploads\/2019\/10\/70-Jahre-Marburger-Chor-1949-e.-V.-Sept.-2019-19-500x246.jpg 500w\" sizes=\"auto, (max-width: 1024px) 100vw, 1024px\" \/><\/figure>\n\n\n\n<figure class=\"wp-block-image\"><img loading=\"lazy\" decoding=\"async\" width=\"1024\" height=\"551\" data-id=\"282\" src=\"http:\/\/marburger-chor.de\/wp-content\/uploads\/2019\/10\/70-Jahre-Marburger-Chor-1949-e.-V.-Sept.-2019-21-1024x551.jpg\" alt=\"\" class=\"wp-image-282\" srcset=\"https:\/\/marburger-chor.de\/wp-content\/uploads\/2019\/10\/70-Jahre-Marburger-Chor-1949-e.-V.-Sept.-2019-21-1024x551.jpg 1024w, https:\/\/marburger-chor.de\/wp-content\/uploads\/2019\/10\/70-Jahre-Marburger-Chor-1949-e.-V.-Sept.-2019-21-300x161.jpg 300w, https:\/\/marburger-chor.de\/wp-content\/uploads\/2019\/10\/70-Jahre-Marburger-Chor-1949-e.-V.-Sept.-2019-21-768x413.jpg 768w, https:\/\/marburger-chor.de\/wp-content\/uploads\/2019\/10\/70-Jahre-Marburger-Chor-1949-e.-V.-Sept.-2019-21-500x269.jpg 500w\" sizes=\"auto, (max-width: 1024px) 100vw, 1024px\" \/><\/figure>\n\n\n\n<figure class=\"wp-block-image\"><img loading=\"lazy\" decoding=\"async\" width=\"1024\" height=\"768\" data-id=\"279\" src=\"http:\/\/marburger-chor.de\/wp-content\/uploads\/2019\/10\/70-Jahre-Marburger-Chor-1949-e.-V.-Sept.-2019-17-1024x768.jpg\" alt=\"\" class=\"wp-image-279\" srcset=\"https:\/\/marburger-chor.de\/wp-content\/uploads\/2019\/10\/70-Jahre-Marburger-Chor-1949-e.-V.-Sept.-2019-17-1024x768.jpg 1024w, https:\/\/marburger-chor.de\/wp-content\/uploads\/2019\/10\/70-Jahre-Marburger-Chor-1949-e.-V.-Sept.-2019-17-300x225.jpg 300w, https:\/\/marburger-chor.de\/wp-content\/uploads\/2019\/10\/70-Jahre-Marburger-Chor-1949-e.-V.-Sept.-2019-17-768x576.jpg 768w, https:\/\/marburger-chor.de\/wp-content\/uploads\/2019\/10\/70-Jahre-Marburger-Chor-1949-e.-V.-Sept.-2019-17-400x300.jpg 400w\" sizes=\"auto, (max-width: 1024px) 100vw, 1024px\" \/><\/figure>\n\n\n\n<figure class=\"wp-block-image\"><img loading=\"lazy\" decoding=\"async\" width=\"1024\" height=\"665\" data-id=\"277\" src=\"http:\/\/marburger-chor.de\/wp-content\/uploads\/2019\/10\/70-Jahre-Marburger-Chor-1949-e.-V.-Sept.-2019-15-1024x665.jpg\" alt=\"\" class=\"wp-image-277\" srcset=\"https:\/\/marburger-chor.de\/wp-content\/uploads\/2019\/10\/70-Jahre-Marburger-Chor-1949-e.-V.-Sept.-2019-15-1024x665.jpg 1024w, https:\/\/marburger-chor.de\/wp-content\/uploads\/2019\/10\/70-Jahre-Marburger-Chor-1949-e.-V.-Sept.-2019-15-300x195.jpg 300w, https:\/\/marburger-chor.de\/wp-content\/uploads\/2019\/10\/70-Jahre-Marburger-Chor-1949-e.-V.-Sept.-2019-15-768x499.jpg 768w, https:\/\/marburger-chor.de\/wp-content\/uploads\/2019\/10\/70-Jahre-Marburger-Chor-1949-e.-V.-Sept.-2019-15-462x300.jpg 462w\" sizes=\"auto, (max-width: 1024px) 100vw, 1024px\" \/><\/figure>\n\n\n\n<figure class=\"wp-block-image\"><img loading=\"lazy\" decoding=\"async\" width=\"1024\" height=\"471\" data-id=\"308\" src=\"https:\/\/marburger-chor.de\/wp-content\/uploads\/2019\/10\/70-Jahre-Marburger-Chor-1949-e.-V.-Sept.-2019-16-2-1024x471.jpg\" alt=\"\" class=\"wp-image-308\" srcset=\"https:\/\/marburger-chor.de\/wp-content\/uploads\/2019\/10\/70-Jahre-Marburger-Chor-1949-e.-V.-Sept.-2019-16-2-1024x471.jpg 1024w, https:\/\/marburger-chor.de\/wp-content\/uploads\/2019\/10\/70-Jahre-Marburger-Chor-1949-e.-V.-Sept.-2019-16-2-300x138.jpg 300w, https:\/\/marburger-chor.de\/wp-content\/uploads\/2019\/10\/70-Jahre-Marburger-Chor-1949-e.-V.-Sept.-2019-16-2-768x353.jpg 768w, https:\/\/marburger-chor.de\/wp-content\/uploads\/2019\/10\/70-Jahre-Marburger-Chor-1949-e.-V.-Sept.-2019-16-2-500x230.jpg 500w\" sizes=\"auto, (max-width: 1024px) 100vw, 1024px\" \/><\/figure>\n<\/figure>\n\n\n\n<figure class=\"wp-block-table\"><table><tbody><tr><td><strong><em> Programm   <\/em><\/strong><\/td><\/tr><tr><td><strong>Marburger   Chor<\/strong>   <\/td><td>Vorsitzende: Monika Holzhausen   <br>Chorleiter: Anselm Richter   <\/td><\/tr><tr><td>Scat Calypso   <\/td><td>Lorenz Maierhofer   <\/td><\/tr><tr><td>   <\/td><\/tr><tr><td>Sing mit mir   <\/td><td>Milton Ager   <\/td><\/tr><tr><td>Die Forelle   <\/td><td>Franz Schubert   <\/td><\/tr><tr><td> <strong> <\/strong>   <\/td><\/tr><tr><td>\n  <strong>&nbsp;&nbsp;&nbsp;&nbsp;&nbsp;&nbsp;&nbsp;&nbsp;&nbsp;&nbsp;&nbsp;&nbsp;&nbsp;&nbsp;&nbsp;&nbsp;&nbsp;&nbsp;&nbsp;&nbsp;&nbsp;&nbsp;&nbsp;&nbsp;&nbsp;&nbsp;&nbsp;&nbsp;&nbsp;&nbsp;&nbsp;&nbsp;&nbsp;&nbsp;&nbsp;&nbsp;&nbsp;&nbsp;&nbsp;&nbsp;&nbsp;&nbsp;&nbsp;&nbsp;&nbsp;&nbsp;&nbsp;&nbsp;&nbsp;&nbsp;\n  <\/strong>\n  <\/td><td>\n  &nbsp;\n  <\/td><\/tr><tr><td><strong>Chorgemeinschaft   Cappel<\/strong>   <\/td><td>Vorsitzender: Horst Theis   <br>Chorleiter: Tim Riemenschneider   <\/td><\/tr><tr><td>Der Lindenbaum   <\/td><td>Franz Schubert\/Wilhelm M\u00fcller   <\/td><\/tr><tr><td>Der Mond h\u00e4lt seine Wacht   <\/td><td>Piro Jerez   <\/td><\/tr><tr><td>Sah ein Knab ein R\u00f6slein <br>stehn  <\/td><td> Heinrich Werner    <\/td><\/tr><tr><td>\n  &nbsp;\n  <\/td><td>\n  &nbsp;\n  <\/td><\/tr><tr><td><strong>Ock-Tave   Ockershausen<\/strong>   <\/td><td>Vorsitzender: Johannes M\u00fcller  <br>Chorleiter: Raidar Seeling   <\/td><\/tr><tr><td>Viele verachten die edle Musik   <\/td><td>Johann Kasper Bachofen   <\/td><\/tr><tr><td>Ich glaube   <\/td><td>Udo J\u00fcrgens   <\/td><\/tr><tr><td>Die Rose   <\/td><td>Amanda McBroom   <\/td><\/tr><tr><td>   <\/td><\/tr><tr><td>\n  <strong>&nbsp;<\/strong>\n  <\/td><\/tr><tr><td><strong>MGV   Caldern<\/strong>   <\/td><td>Vorsitzender: Florian Erle  <br>Chorleiter: Andreas Ochs   <\/td><\/tr><tr><td>Ich glaube   <\/td><td>Udo J\u00fcrgens   <\/td><\/tr><tr><td>Wann wird\u2019s mal wieder richtigSommer   <\/td><td>Steve Goodman   <\/td><\/tr><tr><td>Bierlied    <\/td><td>\n  &nbsp;\n  <\/td><\/tr><tr><td> <\/td><\/tr><tr><td>\n  <strong>&nbsp;<\/strong>\n  <\/td><\/tr><tr><td><strong>Polizeichor   Marburg<\/strong>   <\/td><td>Vorsitzender: Dieter Oberl\u00e4nder   <br>Chorleiter: Klaus Fillsack   <\/td><\/tr><tr><td>Nimm die Stunden, wie sie <br>kommen   <\/td><td>Kurt Rehfeld   <\/td><\/tr><tr><td>Donna Maria   <\/td><td>J.W. Scharf   <\/td><\/tr><tr><td>Sch\u00f6ne Marica   <\/td><td>Rudolf Desch   <\/td><\/tr><tr><td>\n  &nbsp;\n  <\/td><td>\n  &nbsp;\n  <\/td><\/tr><tr><td>  <\/td><\/tr><tr><td>\n  <strong>&nbsp;<\/strong>\n  <\/td><td>\n  &nbsp;\n  &nbsp;\n  &nbsp;\n  &nbsp;\n  &nbsp;\n  &nbsp;\n  &nbsp;\n  &nbsp;\n  &nbsp;\n  &nbsp;\n  &nbsp;\n  &nbsp;\n  &nbsp;\n  &nbsp;\n  &nbsp;\n  &nbsp;\n  &nbsp;\n  <\/td><\/tr><tr><td><strong>Happy   Music Dreihausen<\/strong>   <\/td><td>Vorsitzender: Rainer Kutsch   <br>Chorleiter: Gerold Vorrath   <\/td><\/tr><tr><td>Leningrad   <\/td><td>Billy Joel   <\/td><\/tr><tr><td>Lenas Song   <\/td><td>Stefan Nilsson   <\/td><\/tr><tr><td>Please Mr. Postman   <\/td><td>Brian Holland   <\/td><\/tr><tr><td>\n  &nbsp;\n  <\/td><td>\n  &nbsp;\n  <\/td><\/tr><tr><td><strong>In   Spirit<\/strong>   <strong>&nbsp;<\/strong>   <\/td><td>Chorleiter: Manuel Haim   <\/td><\/tr><tr><td>Lift up your voice    <\/td><td>Brian Tate   <\/td><\/tr><tr><td>Pages   <\/td><td>Steve Milloy   <\/td><\/tr><tr><td>As long as I have music   <\/td><td>Don Besig   <\/td><\/tr><tr><td>\n  &nbsp;\n  <\/td><td>\n  &nbsp;\n  <\/td><\/tr><tr><td><strong>Marburger   Chor<\/strong>   <\/td><td>\n  &nbsp;\n  <\/td><\/tr><tr><td>Aufstehn, aufeinander zugehn!   <\/td><td>Purpel Schulz\/ Bearb. Anselm Richter   <\/td><\/tr><tr><td> The rhythm of life    <\/td><td>Cy Coleman   <\/td><\/tr><tr><td>\n  &nbsp;\n  <\/td><td>\n  &nbsp;\n  <\/td><\/tr><tr><td><strong>Finale: alle zusammen<\/strong>   <\/td><td>\n  &nbsp;\n  <\/td><\/tr><tr><td>Chorstimmen Circle Song   <\/td><td>Text und Satz: Anselm Richter   (nach den Akkorden des Kanons von Pachelbel)   <\/td><\/tr><\/tbody><\/table><\/figure>\n\n\n\n<h2 class=\"wp-block-heading\">Vielen Dank an Frau Dinnebier und Frau W\u00f6lk f\u00fcr die netten Gru\u00dfworte.<\/h2>\n\n\n\n<figure class=\"wp-block-gallery has-nested-images columns-default is-cropped wp-block-gallery-2 is-layout-flex wp-block-gallery-is-layout-flex\">\n<figure class=\"wp-block-image\"><img loading=\"lazy\" decoding=\"async\" width=\"1024\" height=\"768\" data-id=\"289\" src=\"http:\/\/marburger-chor.de\/wp-content\/uploads\/2019\/10\/P1000882-1024x768.jpg\" alt=\"\" class=\"wp-image-289\" srcset=\"https:\/\/marburger-chor.de\/wp-content\/uploads\/2019\/10\/P1000882-1024x768.jpg 1024w, https:\/\/marburger-chor.de\/wp-content\/uploads\/2019\/10\/P1000882-300x225.jpg 300w, https:\/\/marburger-chor.de\/wp-content\/uploads\/2019\/10\/P1000882-768x576.jpg 768w, https:\/\/marburger-chor.de\/wp-content\/uploads\/2019\/10\/P1000882-400x300.jpg 400w\" sizes=\"auto, (max-width: 1024px) 100vw, 1024px\" \/><\/figure>\n\n\n\n<figure class=\"wp-block-image\"><img loading=\"lazy\" decoding=\"async\" width=\"1024\" height=\"768\" data-id=\"276\" src=\"http:\/\/marburger-chor.de\/wp-content\/uploads\/2019\/10\/70-Jahre-Marburger-Chor-1949-e.-V.-Sept.-2019-12-1024x768.jpg\" alt=\"\" class=\"wp-image-276\" srcset=\"https:\/\/marburger-chor.de\/wp-content\/uploads\/2019\/10\/70-Jahre-Marburger-Chor-1949-e.-V.-Sept.-2019-12-1024x768.jpg 1024w, https:\/\/marburger-chor.de\/wp-content\/uploads\/2019\/10\/70-Jahre-Marburger-Chor-1949-e.-V.-Sept.-2019-12-300x225.jpg 300w, https:\/\/marburger-chor.de\/wp-content\/uploads\/2019\/10\/70-Jahre-Marburger-Chor-1949-e.-V.-Sept.-2019-12-768x576.jpg 768w, https:\/\/marburger-chor.de\/wp-content\/uploads\/2019\/10\/70-Jahre-Marburger-Chor-1949-e.-V.-Sept.-2019-12-400x300.jpg 400w\" sizes=\"auto, (max-width: 1024px) 100vw, 1024px\" \/><\/figure>\n<\/figure>\n\n\n\n<h2 class=\"wp-block-heading\"> Nicht nur unserem Chor machte das Singen gro\u00dfe Freude&#8230;.. <\/h2>\n\n\n\n<figure class=\"wp-block-image is-resized\"><img loading=\"lazy\" decoding=\"async\" src=\"http:\/\/marburger-chor.de\/wp-content\/uploads\/2019\/10\/P1000829-1024x768.jpg\" alt=\"\" class=\"wp-image-287\" width=\"744\" height=\"557\" srcset=\"https:\/\/marburger-chor.de\/wp-content\/uploads\/2019\/10\/P1000829-1024x768.jpg 1024w, https:\/\/marburger-chor.de\/wp-content\/uploads\/2019\/10\/P1000829-300x225.jpg 300w, https:\/\/marburger-chor.de\/wp-content\/uploads\/2019\/10\/P1000829-768x576.jpg 768w, https:\/\/marburger-chor.de\/wp-content\/uploads\/2019\/10\/P1000829-400x300.jpg 400w\" sizes=\"auto, (max-width: 744px) 100vw, 744px\" \/><\/figure>\n\n\n\n<h2 class=\"wp-block-heading\"> &#8230;.auch unserem Chorleiter, Anselm Richter, war die Begeisterung anzusehen. <\/h2>\n\n\n\n<figure class=\"wp-block-image is-resized\"><img loading=\"lazy\" decoding=\"async\" src=\"http:\/\/marburger-chor.de\/wp-content\/uploads\/2019\/10\/P1000832-1024x768.jpg\" alt=\"\" class=\"wp-image-288\" width=\"599\" height=\"447\"\/><\/figure>\n\n\n\n<h2 class=\"wp-block-heading\">Die \u00c4nderung des Chornamens wurde an diesem Abend offiziell bekanntgegeben, nachdem sie 2019 in einer Mitgliederversammlung beschlossen worden war. <\/h2>\n\n\n\n<figure class=\"wp-block-image is-resized\"><img loading=\"lazy\" decoding=\"async\" src=\"http:\/\/marburger-chor.de\/wp-content\/uploads\/2019\/10\/marburger-chor.png\" alt=\"\" class=\"wp-image-284\" width=\"748\" height=\"393\" srcset=\"https:\/\/marburger-chor.de\/wp-content\/uploads\/2019\/10\/marburger-chor.png 622w, https:\/\/marburger-chor.de\/wp-content\/uploads\/2019\/10\/marburger-chor-300x158.png 300w, https:\/\/marburger-chor.de\/wp-content\/uploads\/2019\/10\/marburger-chor-500x264.png 500w\" sizes=\"auto, (max-width: 748px) 100vw, 748px\" \/><figcaption>  <\/figcaption><\/figure>\n\n\n\n<h2 class=\"wp-block-heading\"> Zum Abschluss gelang es Anselm Richter alle anwesenden S\u00e4ngerinnen und S\u00e4nger zu einem gemeinsamen Lied &#8222;Chorstimmen Circle Song&#8220; zu motivieren. <\/h2>\n\n\n\n<figure class=\"wp-block-image\"><img loading=\"lazy\" decoding=\"async\" width=\"1024\" height=\"768\" src=\"http:\/\/marburger-chor.de\/wp-content\/uploads\/2019\/10\/70-Jahre-Marburger-Chor-1949-e.-V.-Sept.-2019-26-1024x768.jpg\" alt=\"\" class=\"wp-image-283\" srcset=\"https:\/\/marburger-chor.de\/wp-content\/uploads\/2019\/10\/70-Jahre-Marburger-Chor-1949-e.-V.-Sept.-2019-26-1024x768.jpg 1024w, https:\/\/marburger-chor.de\/wp-content\/uploads\/2019\/10\/70-Jahre-Marburger-Chor-1949-e.-V.-Sept.-2019-26-300x225.jpg 300w, https:\/\/marburger-chor.de\/wp-content\/uploads\/2019\/10\/70-Jahre-Marburger-Chor-1949-e.-V.-Sept.-2019-26-768x576.jpg 768w, https:\/\/marburger-chor.de\/wp-content\/uploads\/2019\/10\/70-Jahre-Marburger-Chor-1949-e.-V.-Sept.-2019-26-400x300.jpg 400w\" sizes=\"auto, (max-width: 1024px) 100vw, 1024px\" \/><\/figure>\n\n\n\n<figure class=\"wp-block-image is-resized\"><img loading=\"lazy\" decoding=\"async\" src=\"https:\/\/marburger-chor.de\/wp-content\/uploads\/2019\/10\/image.png\" alt=\"\" class=\"wp-image-305\" width=\"400\" height=\"255\" srcset=\"https:\/\/marburger-chor.de\/wp-content\/uploads\/2019\/10\/image.png 431w, https:\/\/marburger-chor.de\/wp-content\/uploads\/2019\/10\/image-300x191.png 300w\" sizes=\"auto, (max-width: 400px) 100vw, 400px\" \/><\/figure>\n","protected":false},"excerpt":{"rendered":"<p>Jahre &#8222;Marburger Chor&#8220; Am 28.09.2019 feierte unser Chor sein 70-j\u00e4hriges Bestehen im B\u00fcrgerhaus Marbach. Sechs Gastch\u00f6re trugen mit ihren Liedbeitr\u00e4gen zum Gelingen der Jubil\u00e4umsfeier bei. Programm Marburger Chor Vorsitzende: Monika Holzhausen Chorleiter: Anselm Richter Scat Calypso Lorenz Maierhofer Sing mit &hellip; <a href=\"https:\/\/marburger-chor.de\/?page_id=273\">Weiterlesen <span class=\"meta-nav\">&rarr;<\/span><\/a><\/p>\n","protected":false},"author":1,"featured_media":0,"parent":0,"menu_order":0,"comment_status":"closed","ping_status":"closed","template":"","meta":{"footnotes":""},"class_list":["post-273","page","type-page","status-publish","hentry"],"_links":{"self":[{"href":"https:\/\/marburger-chor.de\/index.php?rest_route=\/wp\/v2\/pages\/273","targetHints":{"allow":["GET"]}}],"collection":[{"href":"https:\/\/marburger-chor.de\/index.php?rest_route=\/wp\/v2\/pages"}],"about":[{"href":"https:\/\/marburger-chor.de\/index.php?rest_route=\/wp\/v2\/types\/page"}],"author":[{"embeddable":true,"href":"https:\/\/marburger-chor.de\/index.php?rest_route=\/wp\/v2\/users\/1"}],"replies":[{"embeddable":true,"href":"https:\/\/marburger-chor.de\/index.php?rest_route=%2Fwp%2Fv2%2Fcomments&post=273"}],"version-history":[{"count":8,"href":"https:\/\/marburger-chor.de\/index.php?rest_route=\/wp\/v2\/pages\/273\/revisions"}],"predecessor-version":[{"id":543,"href":"https:\/\/marburger-chor.de\/index.php?rest_route=\/wp\/v2\/pages\/273\/revisions\/543"}],"wp:attachment":[{"href":"https:\/\/marburger-chor.de\/index.php?rest_route=%2Fwp%2Fv2%2Fmedia&parent=273"}],"curies":[{"name":"wp","href":"https:\/\/api.w.org\/{rel}","templated":true}]}}